{"id":8256,"date":"2023-11-15T20:00:07","date_gmt":"2023-11-15T19:00:07","guid":{"rendered":"https:\/\/lovebiowines.com\/product\/villa-di-negro-vermentino-igt-val-di-magra\/"},"modified":"2023-11-15T20:00:07","modified_gmt":"2023-11-15T19:00:07","slug":"villa-di-negro-vermentino-igt-val-di-magra","status":"publish","type":"product","link":"https:\/\/lovebiowines.com\/fr\/produit\/villa-di-negro-vermentino-igt-val-di-magra\/","title":{"rendered":"Villa di Negro &#8211; Vermentino IGT Val di Magra"},"content":{"rendered":"<div>\n<h5><strong>Raisin<\/strong>: Vermentino<\/h5>\n<h5><strong>Zone de production<\/strong>: Bagnone<\/h5>\n<h5><strong>Type de sol <\/strong>: texture moyenne avec pr\u00e9sence de cailloux<\/h5>\n<h5><strong>Altitude<\/strong>: Sud Ouest 300 mt slm<\/h5>\n<h5><strong>Ann\u00e9e de plantation<\/strong> : 2004<\/h5>\n<h5><strong>Syst\u00e8me agricole<\/strong>: Guyot<\/h5>\n<h5><strong>Plante par hectare<\/strong> : 6000<\/h5>\n<h5><strong>R\u00e9colte <\/strong>: 4\u00e8me semaine de septembre<\/h5>\n<h5><strong>M\u00e9thode et dur\u00e9e d&rsquo;affinage<\/strong> : 3 mois en cuve acier et 3 mois en bouteille<\/h5>\n<h5><strong>Degr\u00e9s alcooliques<\/strong> : 12,5%<\/h5>\n<div>\n<div>\n<h5>Couleur jaune paille, ar\u00f4me intense et fruit\u00e9 conserv\u00e9 gr\u00e2ce \u00e0 une mac\u00e9ration partielle sur les peaux, il s&rsquo;accorde bien avec les entr\u00e9es, les poissons, les viandes blanches et les fromages. Servir l\u00e9g\u00e8rement frais. <\/h5>\n<h5>24-36 heures de mac\u00e9ration sur les peaux, repos en f\u00fbts d&rsquo;acier pendant 3 mois sur les levures et affinage pendant 3 autres mois en bouteille. 12,5%.<\/p>\n<p> <\/h5>\n<h5>Jaune paille avec de l\u00e9gers reflets dor\u00e9s, il doit \u00eatre servi pas trop froid pour ne pas para\u00eetre \u00ab\u00a0grincheux\u00a0\u00bb au nez et pouvoir exprimer des notes de pomme annurca m\u00fbre et de d\u00e9licates notes florales de camomille. En bouche, il est \u00e9quilibr\u00e9, plus orient\u00e9 vers l&rsquo;acidit\u00e9 que vers la saveur, l\u00e9g\u00e8rement astringent et avec une finale d&rsquo;amande. Vin de tous les jours, sa principale qualit\u00e9 est la buvabilit\u00e9.  <\/h5>\n<\/div>\n<\/div>\n<\/div>\n","protected":false},"excerpt":{"rendered":"<p><img loading=\"lazy\" decoding=\"async\" class=\"alignnone size-full wp-image-53\" src=\"https:\/\/lovebiowines.com\/wp-content\/uploads\/2023\/07\/fascia-italia-1-300x20-1.png\" alt=\"Produits Made in Italy\" width=\"300\" height=\"20\"><\/p>\n<h5><img loading=\"lazy\" decoding=\"async\" class=\"alignnone wp-image-3891\" src=\"https:\/\/lovebiowines.com\/wp-content\/uploads\/2024\/01\/Biologico-non-certificato-300x300.png\" alt=\"\" width=\"101\" height=\"101\" srcset=\"https:\/\/lovebiowines.com\/wp-content\/uploads\/2024\/01\/Biologico-non-certificato-300x300.png 300w, https:\/\/lovebiowines.com\/wp-content\/uploads\/2024\/01\/Biologico-non-certificato-150x150.png 150w, https:\/\/lovebiowines.com\/wp-content\/uploads\/2024\/01\/Biologico-non-certificato-100x100.png 100w, https:\/\/lovebiowines.com\/wp-content\/uploads\/2024\/01\/Biologico-non-certificato.png 600w\" sizes=\"auto, (max-width: 101px) 100vw, 101px\" \/>Entreprise et vins NON certifi\u00e9s biologiques<\/h5>\n<h5>Deux hectares et demi de vignoble et une agriculture respectueuse de l&rsquo;environnement : pas d&rsquo;herbicides et de vigne enherb\u00e9e, peu de produits syst\u00e9miques et de traitements au cuivre et au soufre ; faibles doses de soufre en cave.<\/h5>\n<h5><a href=\"\/?p=3108\">D\u00e9couvrez tous les vins de Villa di Negro<\/a><\/h5>\n<h5><a href=\"https:\/\/lovebiowines.com\/prodotto\/villa-di-negro-sassla\/\">Sassla<\/a> <a href=\"https:\/\/lovebiowines.com\/prodotto\/villa-di-negro-morone-igt-toscana\/\">Morone<\/a> <a href=\"https:\/\/lovebiowines.com\/prodotto\/villa-di-negro-morone-barricato-igt-toscana-copia\/\">Morone Barricato<\/a> <a href=\"https:\/\/lovebiowines.com\/prodotto\/villa-di-negro-picol-rosso\/\">Picol Rosso<\/a> <a href=\"https:\/\/lovebiowines.com\/prodotto\/villa-di-negro-barzamino\/\">Barzamino<\/a> <a href=\"https:\/\/lovebiowines.com\/prodotto\/villa-di-negro-barbanera\/\">Barbanera<\/a> <a href=\"https:\/\/lovebiowines.com\/prodotto\/villa-di-negro-passum-50cl\/\">Passum<\/a><\/h5>\n","protected":false},"featured_media":4031,"template":"","meta":{"_monsterinsights_skip_tracking":false,"_monsterinsights_sitenote_active":false,"_monsterinsights_sitenote_note":"","_monsterinsights_sitenote_category":0,"_uf_show_specific_survey":0,"_uf_disable_surveys":false},"product_brand":[],"product_cat":[444,500,498,496,499],"product_tag":[443],"class_list":{"0":"post-8256","1":"product","2":"type-product","3":"status-publish","4":"has-post-thumbnail","6":"product_cat-horeca-fr","7":"product_cat-horeca-blanc","8":"product_cat-vins-blancs","9":"product_cat-vins-issus-de-lagriculture-bio-non-certifies","10":"product_cat-zone-de-production-candia-et-collines-apuanes-blancs","11":"product_tag-vermentino100-fr","13":"first","14":"instock","15":"taxable","16":"shipping-taxable","17":"purchasable","18":"product-type-simple"},"aioseo_notices":[],"_links":{"self":[{"href":"https:\/\/lovebiowines.com\/fr\/wp-json\/wp\/v2\/product\/8256","targetHints":{"allow":["GET"]}}],"collection":[{"href":"https:\/\/lovebiowines.com\/fr\/wp-json\/wp\/v2\/product"}],"about":[{"href":"https:\/\/lovebiowines.com\/fr\/wp-json\/wp\/v2\/types\/product"}],"version-history":[{"count":0,"href":"https:\/\/lovebiowines.com\/fr\/wp-json\/wp\/v2\/product\/8256\/revisions"}],"wp:featuredmedia":[{"embeddable":true,"href":"https:\/\/lovebiowines.com\/fr\/wp-json\/wp\/v2\/media\/4031"}],"wp:attachment":[{"href":"https:\/\/lovebiowines.com\/fr\/wp-json\/wp\/v2\/media?parent=8256"}],"wp:term":[{"taxonomy":"product_brand","embeddable":true,"href":"https:\/\/lovebiowines.com\/fr\/wp-json\/wp\/v2\/product_brand?post=8256"},{"taxonomy":"product_cat","embeddable":true,"href":"https:\/\/lovebiowines.com\/fr\/wp-json\/wp\/v2\/product_cat?post=8256"},{"taxonomy":"product_tag","embeddable":true,"href":"https:\/\/lovebiowines.com\/fr\/wp-json\/wp\/v2\/product_tag?post=8256"}],"curies":[{"name":"wp","href":"https:\/\/api.w.org\/{rel}","templated":true}]}}